{"id":389,"date":"2025-05-07T15:58:35","date_gmt":"2025-05-07T13:58:35","guid":{"rendered":"https:\/\/www.hotel-saint-malo-ibis-styles.com\/?page_id=389"},"modified":"2025-11-19T10:02:27","modified_gmt":"2025-11-19T09:02:27","slug":"chambres-hotel","status":"publish","type":"page","link":"https:\/\/www.hotel-saint-malo-ibis-styles.com\/en\/chambres-hotel\/","title":{"rendered":"Rooms"},"content":{"rendered":"<div class=\"wp-block-group alignfull group_frame media_text_deco media_text_deco--alt has-global-padding is-layout-constrained wp-block-group-is-layout-constrained\">\n<div class=\"wp-block-group has-global-padding is-layout-constrained wp-block-group-is-layout-constrained\" style=\"margin-bottom:0;padding-bottom:var(--wp--preset--spacing--tres-grand)\">\n<div class=\"wp-block-group has-global-padding is-layout-constrained wp-container-core-group-is-layout-b0414bae wp-block-group-is-layout-constrained\" style=\"padding-top:var(--wp--preset--spacing--moyen);padding-right:var(--wp--preset--spacing--moyen);padding-bottom:var(--wp--preset--spacing--moyen);padding-left:var(--wp--preset--spacing--moyen)\">\n<h2 class=\"wp-block-heading has-bleu-gris-color has-text-color has-link-color has-moyen-titre-font-size wp-elements-ccf93dcc29eed1e4b8f4717a0801db7c\"><strong>Comme sur un bateau<\/strong><\/h2>\n\n\n\n<p>There are around ten different types of cabins available on the various decks of our ship, depending on your preferences and budget.<\/p>\n\n\n\n<ul class=\"wp-block-list\">\n<li>Small Standard Cabin<\/li>\n\n\n\n<li>Standard Cabin<\/li>\n\n\n\n<li>Comfort Cabin<\/li>\n\n\n\n<li>Superior Cabin Harbor view<\/li>\n\n\n\n<li>Superior Suite Cabin<\/li>\n\n\n\n<li>Family Cabin 4 people<\/li>\n\n\n\n<li>Family Cabin 5 people<\/li>\n<\/ul>\n\n\n\n<p class=\"translation-block\">Various services in terms of decoration, view, surface and comfort\nare offered in these.  <strong>Harbor view <\/strong>, Coffee machine  <strong>NESPRESSO <\/strong>,\nRain shower, or  <strong>memory foam pillows DODO <\/strong> for example.<\/p>\n\n\n\n<p class=\"translation-block\">For everyone's comfort, all our cabins are equipped with double glazing, <strong>Chromecast TV<\/strong>, fiber optic Wifi, and <strong>Sweet Bed<\/strong> by Ibis Styles bedding.<\/p>\n\n\n\n<div class=\"wp-block-buttons is-layout-flex wp-block-buttons-is-layout-flex\">\n<div class=\"wp-block-button is-style-deco\"><a class=\"wp-block-button__link wp-element-button\" href=\"https:\/\/all.accor.com\/hotel\/8218\/index.fr.shtml#section-description\" target=\"_blank\" rel=\"noreferrer noopener\">Book Now<\/a><\/div>\n<\/div>\n<\/div>\n<\/div>\n\n\n\n<div class=\"wp-block-group alignfull has-global-padding is-layout-constrained wp-block-group-is-layout-constrained\" style=\"padding-top:var(--wp--preset--spacing--maximal);padding-bottom:var(--wp--preset--spacing--maximal)\">\n<div id=\"carrousel-block_ad1c8d81fba73c778e12a858f05073e6\" class=\"block-carrousel\" data-popup-id=\"popup-block_ad1c8d81fba73c778e12a858f05073e6\">\n    <div class=\"carrousel-container\">\n        <div class=\"carrousel-track\">\n            <div class=\"carrousel-items\">\n                                        <div class=\"carrousel-item\" data-index=\"0\">\n                            <img decoding=\"async\" src=\"https:\/\/www.hotel-saint-malo-ibis-styles.com\/wp-content\/uploads\/2025\/04\/8218_rotwbov_00_p_2048x1536.jpg\" alt=\"8218_rotwbov_00_p_2048x1536\" class=\"carrousel-image\">\n                        <\/div>\n                                        <div class=\"carrousel-item\" data-index=\"1\">\n                            <img decoding=\"async\" src=\"https:\/\/www.hotel-saint-malo-ibis-styles.com\/wp-content\/uploads\/2025\/04\/8218_rodbc_01_p_2048x1536.jpg\" alt=\"8218_rodbc_01_p_2048x1536\" class=\"carrousel-image\">\n                        <\/div>\n                                        <div class=\"carrousel-item\" data-index=\"2\">\n                            <img decoding=\"async\" src=\"https:\/\/www.hotel-saint-malo-ibis-styles.com\/wp-content\/uploads\/2025\/04\/8218_rosac_00_p_2048x1536.jpg\" alt=\"8218_rosac_00_p_2048x1536\" class=\"carrousel-image\">\n                        <\/div>\n                                        <div class=\"carrousel-item\" data-index=\"3\">\n                            <img decoding=\"async\" src=\"https:\/\/www.hotel-saint-malo-ibis-styles.com\/wp-content\/uploads\/2025\/04\/8218_rosnc_00_p_2048x1536.jpg\" alt=\"8218_rosnc_00_p_2048x1536\" class=\"carrousel-image\">\n                        <\/div>\n                                        <div class=\"carrousel-item\" data-index=\"4\">\n                            <img decoding=\"async\" src=\"https:\/\/www.hotel-saint-malo-ibis-styles.com\/wp-content\/uploads\/2025\/04\/749557feef11771b4fecf5c42c45fb3fa879fbab-scaled.jpg\" alt=\"749557feef11771b4fecf5c42c45fb3fa879fbab\" class=\"carrousel-image\">\n                        <\/div>\n                                        <div class=\"carrousel-item\" data-index=\"5\">\n                            <img decoding=\"async\" src=\"https:\/\/www.hotel-saint-malo-ibis-styles.com\/wp-content\/uploads\/2025\/04\/AK22029-scaled.jpg\" alt=\"_AK22029\" class=\"carrousel-image\">\n                        <\/div>\n                                        <div class=\"carrousel-item\" data-index=\"6\">\n                            <img decoding=\"async\" src=\"https:\/\/www.hotel-saint-malo-ibis-styles.com\/wp-content\/uploads\/2025\/04\/2a2771abe3a147fcdd80cac196e726525df0a349-scaled.jpg\" alt=\"2a2771abe3a147fcdd80cac196e726525df0a349\" class=\"carrousel-image\">\n                        <\/div>\n                            <\/div>\n        <\/div>\n    <\/div>\n    \n    <div class=\"carrousel-navigation\">\n        <button class=\"carrousel-nav carrousel-prev\" aria-label=\"Previous\">\n            <img decoding=\"async\" src=\"https:\/\/www.hotel-saint-malo-ibis-styles.com\/wp-content\/themes\/ibis-style\/assets\/images\/Btn%20Gauche.svg\" class=\"carrousel-prev_img\" alt=\"Pr\u00e9c\u00e9dent\" \/>\n            Previous\n        <\/button>\n        <button class=\"carrousel-nav carrousel-next\" aria-label=\"Next\">\n            Next\n            <img decoding=\"async\" src=\"https:\/\/www.hotel-saint-malo-ibis-styles.com\/wp-content\/themes\/ibis-style\/assets\/images\/Btn%20Droit.svg\" class=\"carrousel-next_img\" alt=\"Suivant\" \/>\n        <\/button>\n    <\/div>\n<\/div>\n\n\n<!-- Popup compl\u00e8tement s\u00e9par\u00e9e pour \u00e9viter les conflits -->\n<div id=\"popup-block_ad1c8d81fba73c778e12a858f05073e6\" class=\"pi-popup\" style=\"display: none;\">\n    <div class=\"pi-popup-bg\"><\/div>\n    <div class=\"pi-popup-wrapper\">\n        <div class=\"pi-popup-content\">\n            <button class=\"pi-popup-close\" aria-label=\"Fermer\">\n                <svg width=\"24\" height=\"24\" viewbox=\"0 0 24 24\" fill=\"none\" xmlns=\"http:\/\/www.w3.org\/2000\/svg\">\n                    <path d=\"M18 6L6 18M6 6L18 18\" stroke=\"currentColor\" stroke-width=\"2\" stroke-linecap=\"round\" stroke-linejoin=\"round\"\/>\n                <\/svg>\n            <\/button>\n            <div class=\"pi-popup-image-container\">\n                <img decoding=\"async\" src=\"\" alt=\"\" class=\"pi-popup-image\">\n            <\/div>\n            \n            <!-- Fl\u00e8ches de navigation -->\n            <button class=\"pi-popup-nav pi-popup-prev\" aria-label=\"Image pr\u00e9c\u00e9dente\">\n                <svg width=\"24\" height=\"24\" viewbox=\"0 0 24 24\" fill=\"none\" xmlns=\"http:\/\/www.w3.org\/2000\/svg\">\n                    <path d=\"M15 4L7 12L15 20\" stroke=\"currentColor\" stroke-width=\"2\" stroke-linecap=\"round\" stroke-linejoin=\"round\"\/>\n                <\/svg>\n            <\/button>\n            <button class=\"pi-popup-nav pi-popup-next\" aria-label=\"Image suivante\">\n                <svg width=\"24\" height=\"24\" viewbox=\"0 0 24 24\" fill=\"none\" xmlns=\"http:\/\/www.w3.org\/2000\/svg\">\n                    <path d=\"M9 4L17 12L9 20\" stroke=\"currentColor\" stroke-width=\"2\" stroke-linecap=\"round\" stroke-linejoin=\"round\"\/>\n                <\/svg>\n            <\/button>\n        <\/div>\n    <\/div>\n<\/div> <\/div>\n<\/div>","protected":false},"excerpt":{"rendered":"<p>Comme sur un bateau Pr\u00e8s d\u2019une dizaine de type de cabine sont disponibles sur les diff\u00e9rents ponts de notre navire, suivant vos envies et votre budget. Diff\u00e9rentes prestations au niveau de la d\u00e9coration, de la vue, de la surface et du confort sont propos\u00e9es dans celles-ci. Vue sur le port, la machine \u00e0 caf\u00e9 NESPRESSO, [&hellip;]<\/p>\n","protected":false},"author":1,"featured_media":137,"parent":0,"menu_order":0,"comment_status":"closed","ping_status":"closed","template":"template-page","meta":{"_acf_changed":false,"footnotes":""},"class_list":["post-389","page","type-page","status-publish","has-post-thumbnail","hentry"],"acf":[],"yoast_head":"<!-- This site is optimized with the Yoast SEO plugin v27.3 - https:\/\/yoast.com\/product\/yoast-seo-wordpress\/ -->\n<title>Les Chambres - Ibis Styles centre historique Saint-Malo<\/title>\n<meta name=\"description\" content=\"Des cabines comme sur un bateau : Pr\u00e8s d\u2019une dizaine de type de cabine sont disponibles sur les diff\u00e9rents ponts de notre navire, suivant vos envies et votre budget.\" \/>\n<meta name=\"robots\" content=\"index, follow, max-snippet:-1, max-image-preview:large, max-video-preview:-1\" \/>\n<link rel=\"canonical\" href=\"https:\/\/www.hotel-saint-malo-ibis-styles.com\/en\/chambres-hotel\/\" \/>\n<meta property=\"og:locale\" content=\"en_GB\" \/>\n<meta property=\"og:type\" content=\"article\" \/>\n<meta property=\"og:title\" content=\"Les Chambres - Ibis Styles centre historique Saint-Malo\" \/>\n<meta property=\"og:description\" content=\"Des cabines comme sur un bateau : Pr\u00e8s d\u2019une dizaine de type de cabine sont disponibles sur les diff\u00e9rents ponts de notre navire, suivant vos envies et votre budget.\" \/>\n<meta property=\"og:url\" content=\"https:\/\/www.hotel-saint-malo-ibis-styles.com\/en\/chambres-hotel\/\" \/>\n<meta property=\"og:site_name\" content=\"Ibis Styles centre historique\" \/>\n<meta property=\"article:modified_time\" content=\"2025-11-19T09:02:27+00:00\" \/>\n<meta property=\"og:image\" content=\"https:\/\/www.hotel-saint-malo-ibis-styles.com\/wp-content\/uploads\/2025\/04\/5632aec8049793cfa65d4d09589dca8f29396a4f-scaled.jpg\" \/>\n\t<meta property=\"og:image:width\" content=\"2560\" \/>\n\t<meta property=\"og:image:height\" content=\"1707\" \/>\n\t<meta property=\"og:image:type\" content=\"image\/jpeg\" \/>\n<meta name=\"twitter:card\" content=\"summary_large_image\" \/>\n<meta name=\"twitter:label1\" content=\"Estimated reading time\" \/>\n\t<meta name=\"twitter:data1\" content=\"1 minute\" \/>\n<script type=\"application\/ld+json\" class=\"yoast-schema-graph\">{\"@context\":\"https:\\\/\\\/schema.org\",\"@graph\":[{\"@type\":\"WebPage\",\"@id\":\"https:\\\/\\\/www.hotel-saint-malo-ibis-styles.com\\\/chambres-hotel\\\/\",\"url\":\"https:\\\/\\\/www.hotel-saint-malo-ibis-styles.com\\\/chambres-hotel\\\/\",\"name\":\"Les Chambres - Ibis Styles centre historique Saint-Malo\",\"isPartOf\":{\"@id\":\"https:\\\/\\\/www.hotel-saint-malo-ibis-styles.com\\\/en\\\/#website\"},\"primaryImageOfPage\":{\"@id\":\"https:\\\/\\\/www.hotel-saint-malo-ibis-styles.com\\\/chambres-hotel\\\/#primaryimage\"},\"image\":{\"@id\":\"https:\\\/\\\/www.hotel-saint-malo-ibis-styles.com\\\/chambres-hotel\\\/#primaryimage\"},\"thumbnailUrl\":\"https:\\\/\\\/www.hotel-saint-malo-ibis-styles.com\\\/wp-content\\\/uploads\\\/2025\\\/04\\\/5632aec8049793cfa65d4d09589dca8f29396a4f-scaled.jpg\",\"datePublished\":\"2025-05-07T13:58:35+00:00\",\"dateModified\":\"2025-11-19T09:02:27+00:00\",\"description\":\"Des cabines comme sur un bateau : Pr\u00e8s d\u2019une dizaine de type de cabine sont disponibles sur les diff\u00e9rents ponts de notre navire, suivant vos envies et votre budget.\",\"breadcrumb\":{\"@id\":\"https:\\\/\\\/www.hotel-saint-malo-ibis-styles.com\\\/chambres-hotel\\\/#breadcrumb\"},\"inLanguage\":\"en-GB\",\"potentialAction\":[{\"@type\":\"ReadAction\",\"target\":[\"https:\\\/\\\/www.hotel-saint-malo-ibis-styles.com\\\/chambres-hotel\\\/\"]}]},{\"@type\":\"ImageObject\",\"inLanguage\":\"en-GB\",\"@id\":\"https:\\\/\\\/www.hotel-saint-malo-ibis-styles.com\\\/chambres-hotel\\\/#primaryimage\",\"url\":\"https:\\\/\\\/www.hotel-saint-malo-ibis-styles.com\\\/wp-content\\\/uploads\\\/2025\\\/04\\\/5632aec8049793cfa65d4d09589dca8f29396a4f-scaled.jpg\",\"contentUrl\":\"https:\\\/\\\/www.hotel-saint-malo-ibis-styles.com\\\/wp-content\\\/uploads\\\/2025\\\/04\\\/5632aec8049793cfa65d4d09589dca8f29396a4f-scaled.jpg\",\"width\":2560,\"height\":1707},{\"@type\":\"BreadcrumbList\",\"@id\":\"https:\\\/\\\/www.hotel-saint-malo-ibis-styles.com\\\/chambres-hotel\\\/#breadcrumb\",\"itemListElement\":[{\"@type\":\"ListItem\",\"position\":1,\"name\":\"Accueil\",\"item\":\"https:\\\/\\\/www.hotel-saint-malo-ibis-styles.com\\\/\"},{\"@type\":\"ListItem\",\"position\":2,\"name\":\"Chambres\"}]},{\"@type\":\"WebSite\",\"@id\":\"https:\\\/\\\/www.hotel-saint-malo-ibis-styles.com\\\/en\\\/#website\",\"url\":\"https:\\\/\\\/www.hotel-saint-malo-ibis-styles.com\\\/en\\\/\",\"name\":\"Ibis Styles centre historique\",\"description\":\"\",\"publisher\":{\"@id\":\"https:\\\/\\\/www.hotel-saint-malo-ibis-styles.com\\\/en\\\/#organization\"},\"potentialAction\":[{\"@type\":\"SearchAction\",\"target\":{\"@type\":\"EntryPoint\",\"urlTemplate\":\"https:\\\/\\\/www.hotel-saint-malo-ibis-styles.com\\\/en\\\/?s={search_term_string}\"},\"query-input\":{\"@type\":\"PropertyValueSpecification\",\"valueRequired\":true,\"valueName\":\"search_term_string\"}}],\"inLanguage\":\"en-GB\"},{\"@type\":\"Organization\",\"@id\":\"https:\\\/\\\/www.hotel-saint-malo-ibis-styles.com\\\/en\\\/#organization\",\"name\":\"H\u00f4tel Ibis Style Centre Historique - Saint-Malo\",\"url\":\"https:\\\/\\\/www.hotel-saint-malo-ibis-styles.com\\\/en\\\/\",\"logo\":{\"@type\":\"ImageObject\",\"inLanguage\":\"en-GB\",\"@id\":\"https:\\\/\\\/www.hotel-saint-malo-ibis-styles.com\\\/en\\\/#\\\/schema\\\/logo\\\/image\\\/\",\"url\":\"https:\\\/\\\/www.hotel-saint-malo-ibis-styles.com\\\/wp-content\\\/uploads\\\/2025\\\/10\\\/Logo-IBIS-St-Malo.png\",\"contentUrl\":\"https:\\\/\\\/www.hotel-saint-malo-ibis-styles.com\\\/wp-content\\\/uploads\\\/2025\\\/10\\\/Logo-IBIS-St-Malo.png\",\"width\":450,\"height\":355,\"caption\":\"H\u00f4tel Ibis Style Centre Historique - Saint-Malo\"},\"image\":{\"@id\":\"https:\\\/\\\/www.hotel-saint-malo-ibis-styles.com\\\/en\\\/#\\\/schema\\\/logo\\\/image\\\/\"}}]}<\/script>\n<!-- \/ Yoast SEO plugin. -->","yoast_head_json":{"title":"Les Chambres - Ibis Styles centre historique Saint-Malo","description":"Des cabines comme sur un bateau : Pr\u00e8s d\u2019une dizaine de type de cabine sont disponibles sur les diff\u00e9rents ponts de notre navire, suivant vos envies et votre budget.","robots":{"index":"index","follow":"follow","max-snippet":"max-snippet:-1","max-image-preview":"max-image-preview:large","max-video-preview":"max-video-preview:-1"},"canonical":"https:\/\/www.hotel-saint-malo-ibis-styles.com\/en\/chambres-hotel\/","og_locale":"en_GB","og_type":"article","og_title":"Les Chambres - Ibis Styles centre historique Saint-Malo","og_description":"Des cabines comme sur un bateau : Pr\u00e8s d\u2019une dizaine de type de cabine sont disponibles sur les diff\u00e9rents ponts de notre navire, suivant vos envies et votre budget.","og_url":"https:\/\/www.hotel-saint-malo-ibis-styles.com\/en\/chambres-hotel\/","og_site_name":"Ibis Styles centre historique","article_modified_time":"2025-11-19T09:02:27+00:00","og_image":[{"width":2560,"height":1707,"url":"https:\/\/www.hotel-saint-malo-ibis-styles.com\/wp-content\/uploads\/2025\/04\/5632aec8049793cfa65d4d09589dca8f29396a4f-scaled.jpg","type":"image\/jpeg"}],"twitter_card":"summary_large_image","twitter_misc":{"Estimated reading time":"1 minute"},"schema":{"@context":"https:\/\/schema.org","@graph":[{"@type":"WebPage","@id":"https:\/\/www.hotel-saint-malo-ibis-styles.com\/chambres-hotel\/","url":"https:\/\/www.hotel-saint-malo-ibis-styles.com\/chambres-hotel\/","name":"Les Chambres - Ibis Styles centre historique Saint-Malo","isPartOf":{"@id":"https:\/\/www.hotel-saint-malo-ibis-styles.com\/en\/#website"},"primaryImageOfPage":{"@id":"https:\/\/www.hotel-saint-malo-ibis-styles.com\/chambres-hotel\/#primaryimage"},"image":{"@id":"https:\/\/www.hotel-saint-malo-ibis-styles.com\/chambres-hotel\/#primaryimage"},"thumbnailUrl":"https:\/\/www.hotel-saint-malo-ibis-styles.com\/wp-content\/uploads\/2025\/04\/5632aec8049793cfa65d4d09589dca8f29396a4f-scaled.jpg","datePublished":"2025-05-07T13:58:35+00:00","dateModified":"2025-11-19T09:02:27+00:00","description":"Des cabines comme sur un bateau : Pr\u00e8s d\u2019une dizaine de type de cabine sont disponibles sur les diff\u00e9rents ponts de notre navire, suivant vos envies et votre budget.","breadcrumb":{"@id":"https:\/\/www.hotel-saint-malo-ibis-styles.com\/chambres-hotel\/#breadcrumb"},"inLanguage":"en-GB","potentialAction":[{"@type":"ReadAction","target":["https:\/\/www.hotel-saint-malo-ibis-styles.com\/chambres-hotel\/"]}]},{"@type":"ImageObject","inLanguage":"en-GB","@id":"https:\/\/www.hotel-saint-malo-ibis-styles.com\/chambres-hotel\/#primaryimage","url":"https:\/\/www.hotel-saint-malo-ibis-styles.com\/wp-content\/uploads\/2025\/04\/5632aec8049793cfa65d4d09589dca8f29396a4f-scaled.jpg","contentUrl":"https:\/\/www.hotel-saint-malo-ibis-styles.com\/wp-content\/uploads\/2025\/04\/5632aec8049793cfa65d4d09589dca8f29396a4f-scaled.jpg","width":2560,"height":1707},{"@type":"BreadcrumbList","@id":"https:\/\/www.hotel-saint-malo-ibis-styles.com\/chambres-hotel\/#breadcrumb","itemListElement":[{"@type":"ListItem","position":1,"name":"Accueil","item":"https:\/\/www.hotel-saint-malo-ibis-styles.com\/"},{"@type":"ListItem","position":2,"name":"Chambres"}]},{"@type":"WebSite","@id":"https:\/\/www.hotel-saint-malo-ibis-styles.com\/en\/#website","url":"https:\/\/www.hotel-saint-malo-ibis-styles.com\/en\/","name":"Ibis Styles centre historique","description":"","publisher":{"@id":"https:\/\/www.hotel-saint-malo-ibis-styles.com\/en\/#organization"},"potentialAction":[{"@type":"SearchAction","target":{"@type":"EntryPoint","urlTemplate":"https:\/\/www.hotel-saint-malo-ibis-styles.com\/en\/?s={search_term_string}"},"query-input":{"@type":"PropertyValueSpecification","valueRequired":true,"valueName":"search_term_string"}}],"inLanguage":"en-GB"},{"@type":"Organization","@id":"https:\/\/www.hotel-saint-malo-ibis-styles.com\/en\/#organization","name":"H\u00f4tel Ibis Style Centre Historique - Saint-Malo","url":"https:\/\/www.hotel-saint-malo-ibis-styles.com\/en\/","logo":{"@type":"ImageObject","inLanguage":"en-GB","@id":"https:\/\/www.hotel-saint-malo-ibis-styles.com\/en\/#\/schema\/logo\/image\/","url":"https:\/\/www.hotel-saint-malo-ibis-styles.com\/wp-content\/uploads\/2025\/10\/Logo-IBIS-St-Malo.png","contentUrl":"https:\/\/www.hotel-saint-malo-ibis-styles.com\/wp-content\/uploads\/2025\/10\/Logo-IBIS-St-Malo.png","width":450,"height":355,"caption":"H\u00f4tel Ibis Style Centre Historique - Saint-Malo"},"image":{"@id":"https:\/\/www.hotel-saint-malo-ibis-styles.com\/en\/#\/schema\/logo\/image\/"}}]}},"_links":{"self":[{"href":"https:\/\/www.hotel-saint-malo-ibis-styles.com\/en\/wp-json\/wp\/v2\/pages\/389","targetHints":{"allow":["GET"]}}],"collection":[{"href":"https:\/\/www.hotel-saint-malo-ibis-styles.com\/en\/wp-json\/wp\/v2\/pages"}],"about":[{"href":"https:\/\/www.hotel-saint-malo-ibis-styles.com\/en\/wp-json\/wp\/v2\/types\/page"}],"author":[{"embeddable":true,"href":"https:\/\/www.hotel-saint-malo-ibis-styles.com\/en\/wp-json\/wp\/v2\/users\/1"}],"replies":[{"embeddable":true,"href":"https:\/\/www.hotel-saint-malo-ibis-styles.com\/en\/wp-json\/wp\/v2\/comments?post=389"}],"version-history":[{"count":10,"href":"https:\/\/www.hotel-saint-malo-ibis-styles.com\/en\/wp-json\/wp\/v2\/pages\/389\/revisions"}],"predecessor-version":[{"id":602,"href":"https:\/\/www.hotel-saint-malo-ibis-styles.com\/en\/wp-json\/wp\/v2\/pages\/389\/revisions\/602"}],"wp:featuredmedia":[{"embeddable":true,"href":"https:\/\/www.hotel-saint-malo-ibis-styles.com\/en\/wp-json\/wp\/v2\/media\/137"}],"wp:attachment":[{"href":"https:\/\/www.hotel-saint-malo-ibis-styles.com\/en\/wp-json\/wp\/v2\/media?parent=389"}],"curies":[{"name":"wp","href":"https:\/\/api.w.org\/{rel}","templated":true}]}}