{"id":182,"date":"2025-04-23T15:34:23","date_gmt":"2025-04-23T13:34:23","guid":{"rendered":"https:\/\/www.hotel-saint-malo-ibis-styles.com\/?page_id=182"},"modified":"2025-11-19T10:11:14","modified_gmt":"2025-11-19T09:11:14","slug":"nos-services","status":"publish","type":"page","link":"https:\/\/www.hotel-saint-malo-ibis-styles.com\/en\/nos-services\/","title":{"rendered":"Our services"},"content":{"rendered":"<div class=\"wp-block-group has-global-padding is-layout-constrained wp-block-group-is-layout-constrained\" style=\"padding-bottom:var(--wp--preset--spacing--maximal)\">\n<div class=\"wp-block-media-text is-stacked-on-mobile is-vertically-aligned-top\" style=\"margin-top:var(--wp--preset--spacing--maximal)\"><figure class=\"wp-block-media-text__media\"><img loading=\"lazy\" decoding=\"async\" width=\"1017\" height=\"1024\" src=\"https:\/\/www.hotel-saint-malo-ibis-styles.com\/wp-content\/uploads\/2025\/04\/ordi1-1017x1024.jpg\" alt=\"\" class=\"wp-image-302 size-full\" srcset=\"https:\/\/www.hotel-saint-malo-ibis-styles.com\/wp-content\/uploads\/2025\/04\/ordi1-1017x1024.jpg 1017w, https:\/\/www.hotel-saint-malo-ibis-styles.com\/wp-content\/uploads\/2025\/04\/ordi1-298x300.jpg 298w, https:\/\/www.hotel-saint-malo-ibis-styles.com\/wp-content\/uploads\/2025\/04\/ordi1-150x150.jpg 150w, https:\/\/www.hotel-saint-malo-ibis-styles.com\/wp-content\/uploads\/2025\/04\/ordi1-768x773.jpg 768w, https:\/\/www.hotel-saint-malo-ibis-styles.com\/wp-content\/uploads\/2025\/04\/ordi1-1526x1536.jpg 1526w, https:\/\/www.hotel-saint-malo-ibis-styles.com\/wp-content\/uploads\/2025\/04\/ordi1-2034x2048.jpg 2034w\" sizes=\"auto, (max-width: 1017px) 100vw, 1017px\" \/><\/figure><div class=\"wp-block-media-text__content\">\n<h2 class=\"wp-block-heading has-bleu-gris-color has-text-color has-link-color has-moyen-titre-font-size wp-elements-d68805a74a2d2fdc23e6dd44369df62a translation-block\">Reception <br>\nArrival &amp; departure<\/h2>\n\n\n\n<p class=\"translation-block\">Available <strong>24\/7<\/strong>, the Captain and his crew ensure your stay runs smoothly.<br>They also know the region perfectly and will be happy to <strong>guide<\/strong> and <strong>advise you<\/strong>. Museums, viewpoints, beaches, restaurants, \u00ab hidden gems \u00bb, they'll make your trip a <strong>success<\/strong>...<\/p>\n\n\n\n<p><br>On the day of your arrival, check-in is possible from 3:00 p.m. and check-out is before 11:00 a.m. on the day of departure.<\/p>\n<\/div><\/div>\n<\/div>\n\n\n\n<div class=\"wp-block-group has-global-padding is-layout-constrained wp-block-group-is-layout-constrained\" style=\"padding-bottom:var(--wp--preset--spacing--maximal)\">\n<div class=\"wp-block-media-text has-media-on-the-right is-stacked-on-mobile is-vertically-aligned-top\" style=\"margin-top:var(--wp--preset--spacing--maximal)\"><div class=\"wp-block-media-text__content\">\n<h2 class=\"wp-block-heading has-text-align-left has-bleu-gris-color has-text-color has-link-color has-moyen-titre-font-size wp-elements-c9604ec50e96dcf2d01fd58e6801a390\">Breakfast,<br>la cambuse<\/h2>\n\n\n\n<p class=\"translation-block\">The little extra! Served in \u201cLa Cambuse\u201d between 7:00 a.m. and 10:00 a.m. and always included in the price of your stay, our breakfast is unanimously appreciated. Savory, sweet, regional products\u2014you won't be able to resist!<\/p>\n<\/div><figure class=\"wp-block-media-text__media\"><img loading=\"lazy\" decoding=\"async\" width=\"1024\" height=\"683\" src=\"https:\/\/www.hotel-saint-malo-ibis-styles.com\/wp-content\/uploads\/2025\/04\/06506d3b48d10a59c9ab650e62cbcd7437b3554c-1024x683.jpg\" alt=\"\" class=\"wp-image-223 size-full\" srcset=\"https:\/\/www.hotel-saint-malo-ibis-styles.com\/wp-content\/uploads\/2025\/04\/06506d3b48d10a59c9ab650e62cbcd7437b3554c-1024x683.jpg 1024w, https:\/\/www.hotel-saint-malo-ibis-styles.com\/wp-content\/uploads\/2025\/04\/06506d3b48d10a59c9ab650e62cbcd7437b3554c-300x200.jpg 300w, https:\/\/www.hotel-saint-malo-ibis-styles.com\/wp-content\/uploads\/2025\/04\/06506d3b48d10a59c9ab650e62cbcd7437b3554c-768x512.jpg 768w, https:\/\/www.hotel-saint-malo-ibis-styles.com\/wp-content\/uploads\/2025\/04\/06506d3b48d10a59c9ab650e62cbcd7437b3554c-1536x1024.jpg 1536w, https:\/\/www.hotel-saint-malo-ibis-styles.com\/wp-content\/uploads\/2025\/04\/06506d3b48d10a59c9ab650e62cbcd7437b3554c-2048x1366.jpg 2048w\" sizes=\"auto, (max-width: 1024px) 100vw, 1024px\" \/><\/figure><\/div>\n\n\n\n<div class=\"wp-block-media-text is-stacked-on-mobile is-vertically-aligned-center\"><figure class=\"wp-block-media-text__media\"><img loading=\"lazy\" decoding=\"async\" width=\"761\" height=\"717\" src=\"https:\/\/www.hotel-saint-malo-ibis-styles.com\/wp-content\/uploads\/2025\/04\/Frame-16.png\" alt=\"\" class=\"wp-image-155 size-full\" srcset=\"https:\/\/www.hotel-saint-malo-ibis-styles.com\/wp-content\/uploads\/2025\/04\/Frame-16.png 761w, https:\/\/www.hotel-saint-malo-ibis-styles.com\/wp-content\/uploads\/2025\/04\/Frame-16-300x283.png 300w\" sizes=\"auto, (max-width: 761px) 100vw, 761px\" \/><\/figure><div class=\"wp-block-media-text__content\">\n<h2 class=\"wp-block-heading has-text-align-left has-bleu-gris-color has-text-color has-link-color has-moyen-titre-font-size wp-elements-e497ad09696f4fd39f5a787ba1c0d38d translation-block\">A friendly space<br>for your seminars<\/h2>\n\n\n\n<p class=\"has-text-align-left translation-block\">For sailors who need to work alone or in a group, \u201cLa Cambuse\u201d switches to coworking mode from 11:30 a.m. to 9:00 p.m., with Wi-Fi and power outlets at your disposal.<\/br>\nThis space can be privatized for meetings or seminars.<\/p>\n<\/div><\/div>\n\n\n\n<div class=\"wp-block-media-text has-media-on-the-right is-stacked-on-mobile is-vertically-aligned-center\" style=\"margin-top:var(--wp--preset--spacing--maximal)\"><div class=\"wp-block-media-text__content\">\n<h2 class=\"wp-block-heading has-bleu-gris-color has-text-color has-link-color has-moyen-titre-font-size wp-elements-c4d0719bc5d2f758abf15ad5623120ef\">Parking<\/h2>\n\n\n\n<p class=\"translation-block\">Nothing could be simpler: <strong>thanks to the hotel's<\/strong> unique location, you have a wide range of parking options.<br><br>\nFor the savvy sailor, <strong>3,000 spaces are available on the quay just across the ramparts,<\/strong> less than 50 m from the reception desk in parking lots P3\/P4\/P5\/P7\/P10\/P11. It is also possible to park inside the ramparts in front of the hotel.<br><br>\nFor the thrifty sailor, <strong>the Paul F\u00e9val car park offers very low rates and a free shuttle service.<\/strong><br><br>\nFor sailors with <strong>reduced mobility, parking is free inside the ramparts (upon presentation of a badge).<\/strong> Depending on the season, other solutions are possible; our crew will be happy to provide you with information.<\/p>\n<\/div><figure class=\"wp-block-media-text__media\"><img loading=\"lazy\" decoding=\"async\" width=\"1024\" height=\"683\" src=\"https:\/\/www.hotel-saint-malo-ibis-styles.com\/wp-content\/uploads\/2025\/05\/Parking-P5-1024x683_sources_ville-de-saint-malojpg.jpg\" alt=\"\" class=\"wp-image-367 size-full\" srcset=\"https:\/\/www.hotel-saint-malo-ibis-styles.com\/wp-content\/uploads\/2025\/05\/Parking-P5-1024x683_sources_ville-de-saint-malojpg.jpg 1024w, https:\/\/www.hotel-saint-malo-ibis-styles.com\/wp-content\/uploads\/2025\/05\/Parking-P5-1024x683_sources_ville-de-saint-malojpg-300x200.jpg 300w, https:\/\/www.hotel-saint-malo-ibis-styles.com\/wp-content\/uploads\/2025\/05\/Parking-P5-1024x683_sources_ville-de-saint-malojpg-768x512.jpg 768w\" sizes=\"auto, (max-width: 1024px) 100vw, 1024px\" \/><\/figure><\/div>\n<\/div>\n\n\n\n<h2 class=\"wp-block-heading has-text-align-center has-bleu-fonce-color has-text-color has-link-color has-moyen-titre-font-size wp-elements-b1bf6f55a7e902e5c206a23f5a9800a3\">Our services<\/h2>\n\n\n\n<div class=\"wp-block-group has-global-padding is-layout-constrained wp-container-core-group-is-layout-a529aabc wp-block-group-is-layout-constrained\" style=\"padding-right:var(--wp--preset--spacing--moyen);padding-left:var(--wp--preset--spacing--moyen)\">\n<div class=\"wp-block-group services-liste is-content-justification-center is-layout-flex wp-container-core-group-is-layout-94ea2d6b wp-block-group-is-layout-flex\">\n<div class=\"wp-block-group is-vertical is-content-justification-center is-layout-flex wp-container-core-group-is-layout-5e763914 wp-block-group-is-layout-flex\">\n<figure class=\"wp-block-image size-full is-style-centr\u00e9e is-style-centered\"><img loading=\"lazy\" decoding=\"async\" width=\"135\" height=\"135\" src=\"https:\/\/www.hotel-saint-malo-ibis-styles.com\/wp-content\/uploads\/2025\/04\/Frame-9.png\" alt=\"\" class=\"wp-image-71\"\/><\/figure>\n\n\n\n<h4 class=\"wp-block-heading has-text-align-center has-orange-color has-text-color has-link-color has-petit-titre-font-size wp-elements-3310a3dec2e34ee04eab502428865854\">Reception<br>24h\/24<\/h4>\n<\/div>\n\n\n\n<div class=\"wp-block-group is-vertical is-content-justification-center is-layout-flex wp-container-core-group-is-layout-ce155fab wp-block-group-is-layout-flex\">\n<figure class=\"wp-block-image size-full is-style-centr\u00e9e is-style-centered\"><img loading=\"lazy\" decoding=\"async\" width=\"135\" height=\"135\" src=\"https:\/\/www.hotel-saint-malo-ibis-styles.com\/wp-content\/uploads\/2025\/04\/Frame-10.png\" alt=\"\" class=\"wp-image-251\"\/><\/figure>\n\n\n\n<h4 class=\"wp-block-heading has-text-align-center has-orange-color has-text-color has-link-color has-petit-titre-font-size wp-elements-3204823188489773c2516d48c804ced5 translation-block\">Breakfast<br>Included<\/h4>\n<\/div>\n\n\n\n<div class=\"wp-block-group is-vertical is-content-justification-center is-layout-flex wp-container-core-group-is-layout-5e763914 wp-block-group-is-layout-flex\">\n<figure class=\"wp-block-image size-full is-style-centr\u00e9e is-style-centered\"><img loading=\"lazy\" decoding=\"async\" width=\"134\" height=\"134\" src=\"https:\/\/www.hotel-saint-malo-ibis-styles.com\/wp-content\/uploads\/2025\/04\/Frame-11.png\" alt=\"\" class=\"wp-image-252\"\/><\/figure>\n\n\n\n<h4 class=\"wp-block-heading has-text-align-center has-orange-color has-text-color has-link-color has-petit-titre-font-size wp-elements-315b6a68e8bf14665e4b4b8285b93b93\">Wifi<br><\/h4>\n<\/div>\n\n\n\n<div class=\"wp-block-group is-vertical is-content-justification-center is-layout-flex wp-container-core-group-is-layout-ce155fab wp-block-group-is-layout-flex\">\n<figure class=\"wp-block-image size-full is-style-centr\u00e9e is-style-centered\"><img loading=\"lazy\" decoding=\"async\" width=\"135\" height=\"135\" src=\"https:\/\/www.hotel-saint-malo-ibis-styles.com\/wp-content\/uploads\/2025\/04\/Frame-12.png\" alt=\"\" class=\"wp-image-254\"\/><\/figure>\n\n\n\n<h4 class=\"wp-block-heading has-text-align-center has-orange-color has-text-color has-link-color has-petit-titre-font-size wp-elements-fe1b27c6f6f3175b8b1dd91fe3a7ed31 translation-block\">PMR Rooms<\/h4>\n<\/div>\n\n\n\n<div class=\"wp-block-group is-vertical is-content-justification-center is-layout-flex wp-container-core-group-is-layout-ce155fab wp-block-group-is-layout-flex\">\n<figure class=\"wp-block-image size-full is-style-centr\u00e9e is-style-centered\"><img loading=\"lazy\" decoding=\"async\" width=\"134\" height=\"134\" src=\"https:\/\/www.hotel-saint-malo-ibis-styles.com\/wp-content\/uploads\/2025\/04\/Frame-13-1.png\" alt=\"\" class=\"wp-image-253\"\/><\/figure>\n\n\n\n<h4 class=\"wp-block-heading has-text-align-center has-orange-color has-text-color has-link-color has-petit-titre-font-size wp-elements-e5facf3b662a706f3fdc222d2f38d968\">Bar<br><\/h4>\n<\/div>\n\n\n\n<div class=\"wp-block-group is-vertical is-content-justification-center is-layout-flex wp-container-core-group-is-layout-ce155fab wp-block-group-is-layout-flex\">\n<figure class=\"wp-block-image size-full is-resized is-style-centr\u00e9e is-style-centered\"><img loading=\"lazy\" decoding=\"async\" width=\"134\" height=\"134\" src=\"https:\/\/www.hotel-saint-malo-ibis-styles.com\/wp-content\/uploads\/2025\/05\/chromecast-svgrepo-com_1.png\" alt=\"\" class=\"wp-image-349\" style=\"width:135px\"\/><\/figure>\n\n\n\n<h4 class=\"wp-block-heading has-text-align-center has-orange-color has-text-color has-link-color has-petit-titre-font-size wp-elements-af2c2d1ac805351c1ad2928654707d32\">TV<br>Chromecast<\/h4>\n<\/div>\n\n\n\n<div class=\"wp-block-group is-vertical is-content-justification-center is-layout-flex wp-container-core-group-is-layout-ce155fab wp-block-group-is-layout-flex\">\n<figure class=\"wp-block-image size-full is-resized is-style-centr\u00e9e is-style-centered\"><img loading=\"lazy\" decoding=\"async\" width=\"134\" height=\"134\" src=\"https:\/\/www.hotel-saint-malo-ibis-styles.com\/wp-content\/uploads\/2025\/05\/Parking-svgrepo-com_1.png\" alt=\"\" class=\"wp-image-350\" style=\"width:135px\"\/><\/figure>\n\n\n\n<h4 class=\"wp-block-heading has-text-align-center has-orange-color has-text-color has-link-color has-petit-titre-font-size wp-elements-95967e32ea97fe8b2239114b5571783d translation-block\">Public<br>Parkings<\/h4>\n<\/div>\n\n\n\n<div class=\"wp-block-group is-vertical is-content-justification-center is-layout-flex wp-container-core-group-is-layout-ce155fab wp-block-group-is-layout-flex\">\n<figure class=\"wp-block-image size-full is-resized is-style-centr\u00e9e is-style-centered\"><img loading=\"lazy\" decoding=\"async\" width=\"134\" height=\"134\" src=\"https:\/\/www.hotel-saint-malo-ibis-styles.com\/wp-content\/uploads\/2025\/05\/Animaux-svgrepo-com_1.png\" alt=\"\" class=\"wp-image-348\" style=\"width:135px\"\/><\/figure>\n\n\n\n<h4 class=\"wp-block-heading has-text-align-center has-orange-color has-text-color has-link-color has-petit-titre-font-size wp-elements-e9054d3c135b684062abf7c2ee142ef9 translation-block\">Animals<br>Allowed<\/h4>\n<\/div>\n\n\n\n<div class=\"wp-block-group is-vertical is-content-justification-center is-layout-flex wp-container-core-group-is-layout-ce155fab wp-block-group-is-layout-flex\">\n<figure class=\"wp-block-image size-full is-resized is-style-centr\u00e9e is-style-centered\"><img loading=\"lazy\" decoding=\"async\" width=\"134\" height=\"134\" src=\"https:\/\/www.hotel-saint-malo-ibis-styles.com\/wp-content\/uploads\/2025\/05\/family-svgrepo-com.png\" alt=\"\" class=\"wp-image-354\" style=\"width:135px\"\/><\/figure>\n\n\n\n<h4 class=\"wp-block-heading has-text-align-center has-orange-color has-text-color has-link-color has-petit-titre-font-size wp-elements-92cc795a35795b3b25a030142244a46a\">Family <br>friendly<\/h4>\n<\/div>\n<\/div>\n<\/div>\n\n\n\n<div style=\"height:100px\" aria-hidden=\"true\" class=\"wp-block-spacer\"><\/div>","protected":false},"excerpt":{"rendered":"<p>R\u00e9ception Arriv\u00e9e &amp; d\u00e9part Pr\u00e9sents 24h\/24, le Capitaine et son \u00e9quipage assure le bon d\u00e9roulement de votre s\u00e9jour. Ils connaissent aussi parfaitement la r\u00e9gion et se feront un plaisir de vous orienter et vous conseiller. Mus\u00e9es, points de vue, plages, restaurants, \u00ab Secrets spots \u00bb, ils sauront faire de votre s\u00e9jour une r\u00e9ussite\u2026 Le jour [&hellip;]<\/p>\n","protected":false},"author":1,"featured_media":303,"parent":0,"menu_order":0,"comment_status":"closed","ping_status":"closed","template":"","meta":{"_acf_changed":false,"footnotes":""},"class_list":["post-182","page","type-page","status-publish","has-post-thumbnail","hentry"],"acf":[],"yoast_head":"<!-- This site is optimized with the Yoast SEO plugin v27.3 - https:\/\/yoast.com\/product\/yoast-seo-wordpress\/ -->\n<title>Nos services - Ibis Styles centre historique Saint-Malo<\/title>\n<meta name=\"description\" content=\"Pr\u00e9sents 24h\/24 le Capitaine et son \u00e9quipage assure le bon d\u00e9roulement de votre s\u00e9jour.\" \/>\n<meta name=\"robots\" content=\"index, follow, max-snippet:-1, max-image-preview:large, max-video-preview:-1\" \/>\n<link rel=\"canonical\" href=\"https:\/\/www.hotel-saint-malo-ibis-styles.com\/en\/nos-services\/\" \/>\n<meta property=\"og:locale\" content=\"en_GB\" \/>\n<meta property=\"og:type\" content=\"article\" \/>\n<meta property=\"og:title\" content=\"Nos services - Ibis Styles centre historique Saint-Malo\" \/>\n<meta property=\"og:description\" content=\"Pr\u00e9sents 24h\/24 le Capitaine et son \u00e9quipage assure le bon d\u00e9roulement de votre s\u00e9jour.\" \/>\n<meta property=\"og:url\" content=\"https:\/\/www.hotel-saint-malo-ibis-styles.com\/en\/nos-services\/\" \/>\n<meta property=\"og:site_name\" content=\"Ibis Styles centre historique\" \/>\n<meta property=\"article:modified_time\" content=\"2025-11-19T09:11:14+00:00\" \/>\n<meta property=\"og:image\" content=\"https:\/\/www.hotel-saint-malo-ibis-styles.com\/wp-content\/uploads\/2025\/04\/salon2-scaled.jpg\" \/>\n\t<meta property=\"og:image:width\" content=\"2560\" \/>\n\t<meta property=\"og:image:height\" content=\"1707\" \/>\n\t<meta property=\"og:image:type\" content=\"image\/jpeg\" \/>\n<meta name=\"twitter:card\" content=\"summary_large_image\" \/>\n<meta name=\"twitter:label1\" content=\"Estimated reading time\" \/>\n\t<meta name=\"twitter:data1\" content=\"5 minutes\" \/>\n<script type=\"application\/ld+json\" class=\"yoast-schema-graph\">{\"@context\":\"https:\\\/\\\/schema.org\",\"@graph\":[{\"@type\":\"WebPage\",\"@id\":\"https:\\\/\\\/www.hotel-saint-malo-ibis-styles.com\\\/nos-services\\\/\",\"url\":\"https:\\\/\\\/www.hotel-saint-malo-ibis-styles.com\\\/nos-services\\\/\",\"name\":\"Nos services - Ibis Styles centre historique Saint-Malo\",\"isPartOf\":{\"@id\":\"https:\\\/\\\/www.hotel-saint-malo-ibis-styles.com\\\/en\\\/#website\"},\"primaryImageOfPage\":{\"@id\":\"https:\\\/\\\/www.hotel-saint-malo-ibis-styles.com\\\/nos-services\\\/#primaryimage\"},\"image\":{\"@id\":\"https:\\\/\\\/www.hotel-saint-malo-ibis-styles.com\\\/nos-services\\\/#primaryimage\"},\"thumbnailUrl\":\"https:\\\/\\\/www.hotel-saint-malo-ibis-styles.com\\\/wp-content\\\/uploads\\\/2025\\\/04\\\/salon2-scaled.jpg\",\"datePublished\":\"2025-04-23T13:34:23+00:00\",\"dateModified\":\"2025-11-19T09:11:14+00:00\",\"description\":\"Pr\u00e9sents 24h\\\/24 le Capitaine et son \u00e9quipage assure le bon d\u00e9roulement de votre s\u00e9jour.\",\"breadcrumb\":{\"@id\":\"https:\\\/\\\/www.hotel-saint-malo-ibis-styles.com\\\/nos-services\\\/#breadcrumb\"},\"inLanguage\":\"en-GB\",\"potentialAction\":[{\"@type\":\"ReadAction\",\"target\":[\"https:\\\/\\\/www.hotel-saint-malo-ibis-styles.com\\\/nos-services\\\/\"]}]},{\"@type\":\"ImageObject\",\"inLanguage\":\"en-GB\",\"@id\":\"https:\\\/\\\/www.hotel-saint-malo-ibis-styles.com\\\/nos-services\\\/#primaryimage\",\"url\":\"https:\\\/\\\/www.hotel-saint-malo-ibis-styles.com\\\/wp-content\\\/uploads\\\/2025\\\/04\\\/salon2-scaled.jpg\",\"contentUrl\":\"https:\\\/\\\/www.hotel-saint-malo-ibis-styles.com\\\/wp-content\\\/uploads\\\/2025\\\/04\\\/salon2-scaled.jpg\",\"width\":2560,\"height\":1707},{\"@type\":\"BreadcrumbList\",\"@id\":\"https:\\\/\\\/www.hotel-saint-malo-ibis-styles.com\\\/nos-services\\\/#breadcrumb\",\"itemListElement\":[{\"@type\":\"ListItem\",\"position\":1,\"name\":\"Accueil\",\"item\":\"https:\\\/\\\/www.hotel-saint-malo-ibis-styles.com\\\/\"},{\"@type\":\"ListItem\",\"position\":2,\"name\":\"Nos services\"}]},{\"@type\":\"WebSite\",\"@id\":\"https:\\\/\\\/www.hotel-saint-malo-ibis-styles.com\\\/en\\\/#website\",\"url\":\"https:\\\/\\\/www.hotel-saint-malo-ibis-styles.com\\\/en\\\/\",\"name\":\"Ibis Styles centre historique\",\"description\":\"\",\"publisher\":{\"@id\":\"https:\\\/\\\/www.hotel-saint-malo-ibis-styles.com\\\/en\\\/#organization\"},\"potentialAction\":[{\"@type\":\"SearchAction\",\"target\":{\"@type\":\"EntryPoint\",\"urlTemplate\":\"https:\\\/\\\/www.hotel-saint-malo-ibis-styles.com\\\/en\\\/?s={search_term_string}\"},\"query-input\":{\"@type\":\"PropertyValueSpecification\",\"valueRequired\":true,\"valueName\":\"search_term_string\"}}],\"inLanguage\":\"en-GB\"},{\"@type\":\"Organization\",\"@id\":\"https:\\\/\\\/www.hotel-saint-malo-ibis-styles.com\\\/en\\\/#organization\",\"name\":\"H\u00f4tel Ibis Style Centre Historique - Saint-Malo\",\"url\":\"https:\\\/\\\/www.hotel-saint-malo-ibis-styles.com\\\/en\\\/\",\"logo\":{\"@type\":\"ImageObject\",\"inLanguage\":\"en-GB\",\"@id\":\"https:\\\/\\\/www.hotel-saint-malo-ibis-styles.com\\\/en\\\/#\\\/schema\\\/logo\\\/image\\\/\",\"url\":\"https:\\\/\\\/www.hotel-saint-malo-ibis-styles.com\\\/wp-content\\\/uploads\\\/2025\\\/10\\\/Logo-IBIS-St-Malo.png\",\"contentUrl\":\"https:\\\/\\\/www.hotel-saint-malo-ibis-styles.com\\\/wp-content\\\/uploads\\\/2025\\\/10\\\/Logo-IBIS-St-Malo.png\",\"width\":450,\"height\":355,\"caption\":\"H\u00f4tel Ibis Style Centre Historique - Saint-Malo\"},\"image\":{\"@id\":\"https:\\\/\\\/www.hotel-saint-malo-ibis-styles.com\\\/en\\\/#\\\/schema\\\/logo\\\/image\\\/\"}}]}<\/script>\n<!-- \/ Yoast SEO plugin. -->","yoast_head_json":{"title":"Nos services - Ibis Styles centre historique Saint-Malo","description":"Pr\u00e9sents 24h\/24 le Capitaine et son \u00e9quipage assure le bon d\u00e9roulement de votre s\u00e9jour.","robots":{"index":"index","follow":"follow","max-snippet":"max-snippet:-1","max-image-preview":"max-image-preview:large","max-video-preview":"max-video-preview:-1"},"canonical":"https:\/\/www.hotel-saint-malo-ibis-styles.com\/en\/nos-services\/","og_locale":"en_GB","og_type":"article","og_title":"Nos services - Ibis Styles centre historique Saint-Malo","og_description":"Pr\u00e9sents 24h\/24 le Capitaine et son \u00e9quipage assure le bon d\u00e9roulement de votre s\u00e9jour.","og_url":"https:\/\/www.hotel-saint-malo-ibis-styles.com\/en\/nos-services\/","og_site_name":"Ibis Styles centre historique","article_modified_time":"2025-11-19T09:11:14+00:00","og_image":[{"width":2560,"height":1707,"url":"https:\/\/www.hotel-saint-malo-ibis-styles.com\/wp-content\/uploads\/2025\/04\/salon2-scaled.jpg","type":"image\/jpeg"}],"twitter_card":"summary_large_image","twitter_misc":{"Estimated reading time":"5 minutes"},"schema":{"@context":"https:\/\/schema.org","@graph":[{"@type":"WebPage","@id":"https:\/\/www.hotel-saint-malo-ibis-styles.com\/nos-services\/","url":"https:\/\/www.hotel-saint-malo-ibis-styles.com\/nos-services\/","name":"Nos services - Ibis Styles centre historique Saint-Malo","isPartOf":{"@id":"https:\/\/www.hotel-saint-malo-ibis-styles.com\/en\/#website"},"primaryImageOfPage":{"@id":"https:\/\/www.hotel-saint-malo-ibis-styles.com\/nos-services\/#primaryimage"},"image":{"@id":"https:\/\/www.hotel-saint-malo-ibis-styles.com\/nos-services\/#primaryimage"},"thumbnailUrl":"https:\/\/www.hotel-saint-malo-ibis-styles.com\/wp-content\/uploads\/2025\/04\/salon2-scaled.jpg","datePublished":"2025-04-23T13:34:23+00:00","dateModified":"2025-11-19T09:11:14+00:00","description":"Pr\u00e9sents 24h\/24 le Capitaine et son \u00e9quipage assure le bon d\u00e9roulement de votre s\u00e9jour.","breadcrumb":{"@id":"https:\/\/www.hotel-saint-malo-ibis-styles.com\/nos-services\/#breadcrumb"},"inLanguage":"en-GB","potentialAction":[{"@type":"ReadAction","target":["https:\/\/www.hotel-saint-malo-ibis-styles.com\/nos-services\/"]}]},{"@type":"ImageObject","inLanguage":"en-GB","@id":"https:\/\/www.hotel-saint-malo-ibis-styles.com\/nos-services\/#primaryimage","url":"https:\/\/www.hotel-saint-malo-ibis-styles.com\/wp-content\/uploads\/2025\/04\/salon2-scaled.jpg","contentUrl":"https:\/\/www.hotel-saint-malo-ibis-styles.com\/wp-content\/uploads\/2025\/04\/salon2-scaled.jpg","width":2560,"height":1707},{"@type":"BreadcrumbList","@id":"https:\/\/www.hotel-saint-malo-ibis-styles.com\/nos-services\/#breadcrumb","itemListElement":[{"@type":"ListItem","position":1,"name":"Accueil","item":"https:\/\/www.hotel-saint-malo-ibis-styles.com\/"},{"@type":"ListItem","position":2,"name":"Nos services"}]},{"@type":"WebSite","@id":"https:\/\/www.hotel-saint-malo-ibis-styles.com\/en\/#website","url":"https:\/\/www.hotel-saint-malo-ibis-styles.com\/en\/","name":"Ibis Styles centre historique","description":"","publisher":{"@id":"https:\/\/www.hotel-saint-malo-ibis-styles.com\/en\/#organization"},"potentialAction":[{"@type":"SearchAction","target":{"@type":"EntryPoint","urlTemplate":"https:\/\/www.hotel-saint-malo-ibis-styles.com\/en\/?s={search_term_string}"},"query-input":{"@type":"PropertyValueSpecification","valueRequired":true,"valueName":"search_term_string"}}],"inLanguage":"en-GB"},{"@type":"Organization","@id":"https:\/\/www.hotel-saint-malo-ibis-styles.com\/en\/#organization","name":"H\u00f4tel Ibis Style Centre Historique - Saint-Malo","url":"https:\/\/www.hotel-saint-malo-ibis-styles.com\/en\/","logo":{"@type":"ImageObject","inLanguage":"en-GB","@id":"https:\/\/www.hotel-saint-malo-ibis-styles.com\/en\/#\/schema\/logo\/image\/","url":"https:\/\/www.hotel-saint-malo-ibis-styles.com\/wp-content\/uploads\/2025\/10\/Logo-IBIS-St-Malo.png","contentUrl":"https:\/\/www.hotel-saint-malo-ibis-styles.com\/wp-content\/uploads\/2025\/10\/Logo-IBIS-St-Malo.png","width":450,"height":355,"caption":"H\u00f4tel Ibis Style Centre Historique - Saint-Malo"},"image":{"@id":"https:\/\/www.hotel-saint-malo-ibis-styles.com\/en\/#\/schema\/logo\/image\/"}}]}},"_links":{"self":[{"href":"https:\/\/www.hotel-saint-malo-ibis-styles.com\/en\/wp-json\/wp\/v2\/pages\/182","targetHints":{"allow":["GET"]}}],"collection":[{"href":"https:\/\/www.hotel-saint-malo-ibis-styles.com\/en\/wp-json\/wp\/v2\/pages"}],"about":[{"href":"https:\/\/www.hotel-saint-malo-ibis-styles.com\/en\/wp-json\/wp\/v2\/types\/page"}],"author":[{"embeddable":true,"href":"https:\/\/www.hotel-saint-malo-ibis-styles.com\/en\/wp-json\/wp\/v2\/users\/1"}],"replies":[{"embeddable":true,"href":"https:\/\/www.hotel-saint-malo-ibis-styles.com\/en\/wp-json\/wp\/v2\/comments?post=182"}],"version-history":[{"count":10,"href":"https:\/\/www.hotel-saint-malo-ibis-styles.com\/en\/wp-json\/wp\/v2\/pages\/182\/revisions"}],"predecessor-version":[{"id":605,"href":"https:\/\/www.hotel-saint-malo-ibis-styles.com\/en\/wp-json\/wp\/v2\/pages\/182\/revisions\/605"}],"wp:featuredmedia":[{"embeddable":true,"href":"https:\/\/www.hotel-saint-malo-ibis-styles.com\/en\/wp-json\/wp\/v2\/media\/303"}],"wp:attachment":[{"href":"https:\/\/www.hotel-saint-malo-ibis-styles.com\/en\/wp-json\/wp\/v2\/media?parent=182"}],"curies":[{"name":"wp","href":"https:\/\/api.w.org\/{rel}","templated":true}]}}