{"id":180,"date":"2025-04-23T15:34:09","date_gmt":"2025-04-23T13:34:09","guid":{"rendered":"https:\/\/www.hotel-saint-malo-ibis-styles.com\/?page_id=180"},"modified":"2025-11-19T11:14:43","modified_gmt":"2025-11-19T10:14:43","slug":"lhotel","status":"publish","type":"page","link":"https:\/\/www.hotel-saint-malo-ibis-styles.com\/en\/lhotel\/","title":{"rendered":"The Hotel"},"content":{"rendered":"<div class=\"wp-block-group has-global-padding is-layout-constrained wp-container-core-group-is-layout-e9baf357 wp-block-group-is-layout-constrained\" style=\"padding-right:var(--wp--preset--spacing--moyen);padding-left:var(--wp--preset--spacing--moyen)\">\n<h2 class=\"wp-block-heading has-bleu-gris-color has-text-color has-link-color has-moyen-titre-font-size wp-elements-78890014b25cd2dd45cec4a53abf06dd\">Welcome aboard !<\/h2>\n\n\n\n<p class=\"translation-block\">Designed to resemble a ship in every detail, the Ibis Styles Saint Malo Centre Historique and his crew invite you to travel to a unique world, <strong>immersing yourself in the heart of the oceans.<\/strong><\/p>\n\n\n\n<p class=\"translation-block\">The welcome, decor, materials, and amenities have all been designed to make your stay a unique experience.\nHere we talk about cabins, and we adapt to your needs, from small single cabins to family suites for five, so everyone can find what they're looking for.\nAlways included in the price of your stay, our breakfast is universally loved. Savory, sweet, regional products, you won't be able to resist!<\/p>\n\n\n\n<p>For a coffee, a draft beer or a cocktail, <strong>our Caf\u00e9 de la Marine and its terrace facing the ramparts is the ideal place to share a moment with friends.<\/strong><\/p>\n\n\n\n<p>Here, you can leave your car and your worries outside the ramparts and enjoy the city, its restaurants, bars, museums, shops, beaches... all within walking distance.<\/p>\n<\/div>\n\n\n\n<div class=\"wp-block-group alignfull has-global-padding is-layout-constrained wp-block-group-is-layout-constrained\" style=\"padding-top:var(--wp--preset--spacing--maximal);padding-bottom:var(--wp--preset--spacing--maximal)\">\n<div id=\"carrousel-block_4aa18dada243c88c291774df98201850\" class=\"block-carrousel\" data-popup-id=\"popup-block_4aa18dada243c88c291774df98201850\">\n    <div class=\"carrousel-container\">\n        <div class=\"carrousel-track\">\n            <div class=\"carrousel-items\">\n                                        <div class=\"carrousel-item\" data-index=\"0\">\n                            <img decoding=\"async\" src=\"https:\/\/www.hotel-saint-malo-ibis-styles.com\/wp-content\/uploads\/2025\/11\/photo123-scaled.jpg\" alt=\"photo123\" class=\"carrousel-image\">\n                        <\/div>\n                                        <div class=\"carrousel-item\" data-index=\"1\">\n                            <img decoding=\"async\" src=\"https:\/\/www.hotel-saint-malo-ibis-styles.com\/wp-content\/uploads\/2025\/04\/635938d641be7b62ce8289be1445f88a7bff9d2d-scaled.jpg\" alt=\"635938d641be7b62ce8289be1445f88a7bff9d2d\" class=\"carrousel-image\">\n                        <\/div>\n                                        <div class=\"carrousel-item\" data-index=\"2\">\n                            <img decoding=\"async\" src=\"https:\/\/www.hotel-saint-malo-ibis-styles.com\/wp-content\/uploads\/2025\/11\/chambre-ia-bis.png\" alt=\"chambre ia bis\" class=\"carrousel-image\">\n                        <\/div>\n                                        <div class=\"carrousel-item\" data-index=\"3\">\n                            <img decoding=\"async\" src=\"https:\/\/www.hotel-saint-malo-ibis-styles.com\/wp-content\/uploads\/2025\/11\/cafe-de-la-marine-1.jpg\" alt=\"cafe de la marine 1\" class=\"carrousel-image\">\n                        <\/div>\n                                        <div class=\"carrousel-item\" data-index=\"4\">\n                            <img decoding=\"async\" src=\"https:\/\/www.hotel-saint-malo-ibis-styles.com\/wp-content\/uploads\/2025\/04\/ordi1-scaled.jpg\" alt=\"ordi1\" class=\"carrousel-image\">\n                        <\/div>\n                                        <div class=\"carrousel-item\" data-index=\"5\">\n                            <img decoding=\"async\" src=\"https:\/\/www.hotel-saint-malo-ibis-styles.com\/wp-content\/uploads\/2025\/04\/06506d3b48d10a59c9ab650e62cbcd7437b3554c-scaled.jpg\" alt=\"06506d3b48d10a59c9ab650e62cbcd7437b3554c\" class=\"carrousel-image\">\n                        <\/div>\n                                        <div class=\"carrousel-item\" data-index=\"6\">\n                            <img decoding=\"async\" src=\"https:\/\/www.hotel-saint-malo-ibis-styles.com\/wp-content\/uploads\/2025\/04\/COULOIR-scaled.jpg\" alt=\"COULOIR\" class=\"carrousel-image\">\n                        <\/div>\n                                        <div class=\"carrousel-item\" data-index=\"7\">\n                            <img decoding=\"async\" src=\"https:\/\/www.hotel-saint-malo-ibis-styles.com\/wp-content\/uploads\/2025\/04\/CADRE-scaled.jpg\" alt=\"CADRE\" class=\"carrousel-image\">\n                        <\/div>\n                            <\/div>\n        <\/div>\n    <\/div>\n    \n    <div class=\"carrousel-navigation\">\n        <button class=\"carrousel-nav carrousel-prev\" aria-label=\"Previous\">\n            <img decoding=\"async\" src=\"https:\/\/www.hotel-saint-malo-ibis-styles.com\/wp-content\/themes\/ibis-style\/assets\/images\/Btn%20Gauche.svg\" class=\"carrousel-prev_img\" alt=\"Pr\u00e9c\u00e9dent\" \/>\n            Previous\n        <\/button>\n        <button class=\"carrousel-nav carrousel-next\" aria-label=\"Next\">\n            Next\n            <img decoding=\"async\" src=\"https:\/\/www.hotel-saint-malo-ibis-styles.com\/wp-content\/themes\/ibis-style\/assets\/images\/Btn%20Droit.svg\" class=\"carrousel-next_img\" alt=\"Suivant\" \/>\n        <\/button>\n    <\/div>\n<\/div>\n\n\n<!-- Popup compl\u00e8tement s\u00e9par\u00e9e pour \u00e9viter les conflits -->\n<div id=\"popup-block_4aa18dada243c88c291774df98201850\" class=\"pi-popup\" style=\"display: none;\">\n    <div class=\"pi-popup-bg\"><\/div>\n    <div class=\"pi-popup-wrapper\">\n        <div class=\"pi-popup-content\">\n            <button class=\"pi-popup-close\" aria-label=\"Fermer\">\n                <svg width=\"24\" height=\"24\" viewbox=\"0 0 24 24\" fill=\"none\" xmlns=\"http:\/\/www.w3.org\/2000\/svg\">\n                    <path d=\"M18 6L6 18M6 6L18 18\" stroke=\"currentColor\" stroke-width=\"2\" stroke-linecap=\"round\" stroke-linejoin=\"round\"\/>\n                <\/svg>\n            <\/button>\n            <div class=\"pi-popup-image-container\">\n                <img decoding=\"async\" src=\"\" alt=\"\" class=\"pi-popup-image\">\n            <\/div>\n            \n            <!-- Fl\u00e8ches de navigation -->\n            <button class=\"pi-popup-nav pi-popup-prev\" aria-label=\"Image pr\u00e9c\u00e9dente\">\n                <svg width=\"24\" height=\"24\" viewbox=\"0 0 24 24\" fill=\"none\" xmlns=\"http:\/\/www.w3.org\/2000\/svg\">\n                    <path d=\"M15 4L7 12L15 20\" stroke=\"currentColor\" stroke-width=\"2\" stroke-linecap=\"round\" stroke-linejoin=\"round\"\/>\n                <\/svg>\n            <\/button>\n            <button class=\"pi-popup-nav pi-popup-next\" aria-label=\"Image suivante\">\n                <svg width=\"24\" height=\"24\" viewbox=\"0 0 24 24\" fill=\"none\" xmlns=\"http:\/\/www.w3.org\/2000\/svg\">\n                    <path d=\"M9 4L17 12L9 20\" stroke=\"currentColor\" stroke-width=\"2\" stroke-linecap=\"round\" stroke-linejoin=\"round\"\/>\n                <\/svg>\n            <\/button>\n        <\/div>\n    <\/div>\n<\/div> <\/div>","protected":false},"excerpt":{"rendered":"<p>Bienvenue \u00e0 bord ! Imagin\u00e9 comme un navire dans les moindres d\u00e9tails, l\u2019Ibis Styles Saint Malo Centre Historique et son \u00e9quipage vous font voyager dans un univers unique, une immersion au c\u0153ur des oc\u00e9ans. Accueil, d\u00e9coration, mat\u00e9riaux, \u00e9quipements, tout a \u00e9t\u00e9 pens\u00e9 pour que votre s\u00e9jour soit un moment unique.Ici on parle de cabine, et [&hellip;]<\/p>\n","protected":false},"author":1,"featured_media":272,"parent":0,"menu_order":0,"comment_status":"closed","ping_status":"closed","template":"","meta":{"_acf_changed":false,"footnotes":""},"class_list":["post-180","page","type-page","status-publish","has-post-thumbnail","hentry"],"acf":[],"yoast_head":"<!-- This site is optimized with the Yoast SEO plugin v27.3 - https:\/\/yoast.com\/product\/yoast-seo-wordpress\/ -->\n<title>L&#039;h\u00f4tel - Ibis Styles centre historique Saint-Malo<\/title>\n<meta name=\"description\" content=\"Imagin\u00e9 comme un navire dans les moindres d\u00e9tails, notre h\u00f4tel et son \u00e9quipage vous font voyager dans un univers unique, une immersion au c\u0153ur des oc\u00e9ans.\" \/>\n<meta name=\"robots\" content=\"index, follow, max-snippet:-1, max-image-preview:large, max-video-preview:-1\" \/>\n<link rel=\"canonical\" href=\"https:\/\/www.hotel-saint-malo-ibis-styles.com\/en\/lhotel\/\" \/>\n<meta property=\"og:locale\" content=\"en_GB\" \/>\n<meta property=\"og:type\" content=\"article\" \/>\n<meta property=\"og:title\" content=\"L&#039;h\u00f4tel - Ibis Styles centre historique Saint-Malo\" \/>\n<meta property=\"og:description\" content=\"Imagin\u00e9 comme un navire dans les moindres d\u00e9tails, notre h\u00f4tel et son \u00e9quipage vous font voyager dans un univers unique, une immersion au c\u0153ur des oc\u00e9ans.\" \/>\n<meta property=\"og:url\" content=\"https:\/\/www.hotel-saint-malo-ibis-styles.com\/en\/lhotel\/\" \/>\n<meta property=\"og:site_name\" content=\"Ibis Styles centre historique\" \/>\n<meta property=\"article:modified_time\" content=\"2025-11-19T10:14:43+00:00\" \/>\n<meta property=\"og:image\" content=\"https:\/\/www.hotel-saint-malo-ibis-styles.com\/wp-content\/uploads\/2025\/04\/acc3-scaled.jpg\" \/>\n\t<meta property=\"og:image:width\" content=\"2560\" \/>\n\t<meta property=\"og:image:height\" content=\"1707\" \/>\n\t<meta property=\"og:image:type\" content=\"image\/jpeg\" \/>\n<meta name=\"twitter:card\" content=\"summary_large_image\" \/>\n<meta name=\"twitter:label1\" content=\"Estimated reading time\" \/>\n\t<meta name=\"twitter:data1\" content=\"2 minutes\" \/>\n<script type=\"application\/ld+json\" class=\"yoast-schema-graph\">{\"@context\":\"https:\\\/\\\/schema.org\",\"@graph\":[{\"@type\":\"WebPage\",\"@id\":\"https:\\\/\\\/www.hotel-saint-malo-ibis-styles.com\\\/lhotel\\\/\",\"url\":\"https:\\\/\\\/www.hotel-saint-malo-ibis-styles.com\\\/lhotel\\\/\",\"name\":\"L'h\u00f4tel - Ibis Styles centre historique Saint-Malo\",\"isPartOf\":{\"@id\":\"https:\\\/\\\/www.hotel-saint-malo-ibis-styles.com\\\/en\\\/#website\"},\"primaryImageOfPage\":{\"@id\":\"https:\\\/\\\/www.hotel-saint-malo-ibis-styles.com\\\/lhotel\\\/#primaryimage\"},\"image\":{\"@id\":\"https:\\\/\\\/www.hotel-saint-malo-ibis-styles.com\\\/lhotel\\\/#primaryimage\"},\"thumbnailUrl\":\"https:\\\/\\\/www.hotel-saint-malo-ibis-styles.com\\\/wp-content\\\/uploads\\\/2025\\\/04\\\/acc3-scaled.jpg\",\"datePublished\":\"2025-04-23T13:34:09+00:00\",\"dateModified\":\"2025-11-19T10:14:43+00:00\",\"description\":\"Imagin\u00e9 comme un navire dans les moindres d\u00e9tails, notre h\u00f4tel et son \u00e9quipage vous font voyager dans un univers unique, une immersion au c\u0153ur des oc\u00e9ans.\",\"breadcrumb\":{\"@id\":\"https:\\\/\\\/www.hotel-saint-malo-ibis-styles.com\\\/lhotel\\\/#breadcrumb\"},\"inLanguage\":\"en-GB\",\"potentialAction\":[{\"@type\":\"ReadAction\",\"target\":[\"https:\\\/\\\/www.hotel-saint-malo-ibis-styles.com\\\/lhotel\\\/\"]}]},{\"@type\":\"ImageObject\",\"inLanguage\":\"en-GB\",\"@id\":\"https:\\\/\\\/www.hotel-saint-malo-ibis-styles.com\\\/lhotel\\\/#primaryimage\",\"url\":\"https:\\\/\\\/www.hotel-saint-malo-ibis-styles.com\\\/wp-content\\\/uploads\\\/2025\\\/04\\\/acc3-scaled.jpg\",\"contentUrl\":\"https:\\\/\\\/www.hotel-saint-malo-ibis-styles.com\\\/wp-content\\\/uploads\\\/2025\\\/04\\\/acc3-scaled.jpg\",\"width\":2560,\"height\":1707},{\"@type\":\"BreadcrumbList\",\"@id\":\"https:\\\/\\\/www.hotel-saint-malo-ibis-styles.com\\\/lhotel\\\/#breadcrumb\",\"itemListElement\":[{\"@type\":\"ListItem\",\"position\":1,\"name\":\"Accueil\",\"item\":\"https:\\\/\\\/www.hotel-saint-malo-ibis-styles.com\\\/\"},{\"@type\":\"ListItem\",\"position\":2,\"name\":\"L&rsquo;h\u00f4tel\"}]},{\"@type\":\"WebSite\",\"@id\":\"https:\\\/\\\/www.hotel-saint-malo-ibis-styles.com\\\/en\\\/#website\",\"url\":\"https:\\\/\\\/www.hotel-saint-malo-ibis-styles.com\\\/en\\\/\",\"name\":\"Ibis Styles centre historique\",\"description\":\"\",\"publisher\":{\"@id\":\"https:\\\/\\\/www.hotel-saint-malo-ibis-styles.com\\\/en\\\/#organization\"},\"potentialAction\":[{\"@type\":\"SearchAction\",\"target\":{\"@type\":\"EntryPoint\",\"urlTemplate\":\"https:\\\/\\\/www.hotel-saint-malo-ibis-styles.com\\\/en\\\/?s={search_term_string}\"},\"query-input\":{\"@type\":\"PropertyValueSpecification\",\"valueRequired\":true,\"valueName\":\"search_term_string\"}}],\"inLanguage\":\"en-GB\"},{\"@type\":\"Organization\",\"@id\":\"https:\\\/\\\/www.hotel-saint-malo-ibis-styles.com\\\/en\\\/#organization\",\"name\":\"H\u00f4tel Ibis Style Centre Historique - Saint-Malo\",\"url\":\"https:\\\/\\\/www.hotel-saint-malo-ibis-styles.com\\\/en\\\/\",\"logo\":{\"@type\":\"ImageObject\",\"inLanguage\":\"en-GB\",\"@id\":\"https:\\\/\\\/www.hotel-saint-malo-ibis-styles.com\\\/en\\\/#\\\/schema\\\/logo\\\/image\\\/\",\"url\":\"https:\\\/\\\/www.hotel-saint-malo-ibis-styles.com\\\/wp-content\\\/uploads\\\/2025\\\/10\\\/Logo-IBIS-St-Malo.png\",\"contentUrl\":\"https:\\\/\\\/www.hotel-saint-malo-ibis-styles.com\\\/wp-content\\\/uploads\\\/2025\\\/10\\\/Logo-IBIS-St-Malo.png\",\"width\":450,\"height\":355,\"caption\":\"H\u00f4tel Ibis Style Centre Historique - Saint-Malo\"},\"image\":{\"@id\":\"https:\\\/\\\/www.hotel-saint-malo-ibis-styles.com\\\/en\\\/#\\\/schema\\\/logo\\\/image\\\/\"}}]}<\/script>\n<!-- \/ Yoast SEO plugin. -->","yoast_head_json":{"title":"L'h\u00f4tel - Ibis Styles centre historique Saint-Malo","description":"Imagin\u00e9 comme un navire dans les moindres d\u00e9tails, notre h\u00f4tel et son \u00e9quipage vous font voyager dans un univers unique, une immersion au c\u0153ur des oc\u00e9ans.","robots":{"index":"index","follow":"follow","max-snippet":"max-snippet:-1","max-image-preview":"max-image-preview:large","max-video-preview":"max-video-preview:-1"},"canonical":"https:\/\/www.hotel-saint-malo-ibis-styles.com\/en\/lhotel\/","og_locale":"en_GB","og_type":"article","og_title":"L'h\u00f4tel - Ibis Styles centre historique Saint-Malo","og_description":"Imagin\u00e9 comme un navire dans les moindres d\u00e9tails, notre h\u00f4tel et son \u00e9quipage vous font voyager dans un univers unique, une immersion au c\u0153ur des oc\u00e9ans.","og_url":"https:\/\/www.hotel-saint-malo-ibis-styles.com\/en\/lhotel\/","og_site_name":"Ibis Styles centre historique","article_modified_time":"2025-11-19T10:14:43+00:00","og_image":[{"width":2560,"height":1707,"url":"https:\/\/www.hotel-saint-malo-ibis-styles.com\/wp-content\/uploads\/2025\/04\/acc3-scaled.jpg","type":"image\/jpeg"}],"twitter_card":"summary_large_image","twitter_misc":{"Estimated reading time":"2 minutes"},"schema":{"@context":"https:\/\/schema.org","@graph":[{"@type":"WebPage","@id":"https:\/\/www.hotel-saint-malo-ibis-styles.com\/lhotel\/","url":"https:\/\/www.hotel-saint-malo-ibis-styles.com\/lhotel\/","name":"L'h\u00f4tel - Ibis Styles centre historique Saint-Malo","isPartOf":{"@id":"https:\/\/www.hotel-saint-malo-ibis-styles.com\/en\/#website"},"primaryImageOfPage":{"@id":"https:\/\/www.hotel-saint-malo-ibis-styles.com\/lhotel\/#primaryimage"},"image":{"@id":"https:\/\/www.hotel-saint-malo-ibis-styles.com\/lhotel\/#primaryimage"},"thumbnailUrl":"https:\/\/www.hotel-saint-malo-ibis-styles.com\/wp-content\/uploads\/2025\/04\/acc3-scaled.jpg","datePublished":"2025-04-23T13:34:09+00:00","dateModified":"2025-11-19T10:14:43+00:00","description":"Imagin\u00e9 comme un navire dans les moindres d\u00e9tails, notre h\u00f4tel et son \u00e9quipage vous font voyager dans un univers unique, une immersion au c\u0153ur des oc\u00e9ans.","breadcrumb":{"@id":"https:\/\/www.hotel-saint-malo-ibis-styles.com\/lhotel\/#breadcrumb"},"inLanguage":"en-GB","potentialAction":[{"@type":"ReadAction","target":["https:\/\/www.hotel-saint-malo-ibis-styles.com\/lhotel\/"]}]},{"@type":"ImageObject","inLanguage":"en-GB","@id":"https:\/\/www.hotel-saint-malo-ibis-styles.com\/lhotel\/#primaryimage","url":"https:\/\/www.hotel-saint-malo-ibis-styles.com\/wp-content\/uploads\/2025\/04\/acc3-scaled.jpg","contentUrl":"https:\/\/www.hotel-saint-malo-ibis-styles.com\/wp-content\/uploads\/2025\/04\/acc3-scaled.jpg","width":2560,"height":1707},{"@type":"BreadcrumbList","@id":"https:\/\/www.hotel-saint-malo-ibis-styles.com\/lhotel\/#breadcrumb","itemListElement":[{"@type":"ListItem","position":1,"name":"Accueil","item":"https:\/\/www.hotel-saint-malo-ibis-styles.com\/"},{"@type":"ListItem","position":2,"name":"L&rsquo;h\u00f4tel"}]},{"@type":"WebSite","@id":"https:\/\/www.hotel-saint-malo-ibis-styles.com\/en\/#website","url":"https:\/\/www.hotel-saint-malo-ibis-styles.com\/en\/","name":"Ibis Styles centre historique","description":"","publisher":{"@id":"https:\/\/www.hotel-saint-malo-ibis-styles.com\/en\/#organization"},"potentialAction":[{"@type":"SearchAction","target":{"@type":"EntryPoint","urlTemplate":"https:\/\/www.hotel-saint-malo-ibis-styles.com\/en\/?s={search_term_string}"},"query-input":{"@type":"PropertyValueSpecification","valueRequired":true,"valueName":"search_term_string"}}],"inLanguage":"en-GB"},{"@type":"Organization","@id":"https:\/\/www.hotel-saint-malo-ibis-styles.com\/en\/#organization","name":"H\u00f4tel Ibis Style Centre Historique - Saint-Malo","url":"https:\/\/www.hotel-saint-malo-ibis-styles.com\/en\/","logo":{"@type":"ImageObject","inLanguage":"en-GB","@id":"https:\/\/www.hotel-saint-malo-ibis-styles.com\/en\/#\/schema\/logo\/image\/","url":"https:\/\/www.hotel-saint-malo-ibis-styles.com\/wp-content\/uploads\/2025\/10\/Logo-IBIS-St-Malo.png","contentUrl":"https:\/\/www.hotel-saint-malo-ibis-styles.com\/wp-content\/uploads\/2025\/10\/Logo-IBIS-St-Malo.png","width":450,"height":355,"caption":"H\u00f4tel Ibis Style Centre Historique - Saint-Malo"},"image":{"@id":"https:\/\/www.hotel-saint-malo-ibis-styles.com\/en\/#\/schema\/logo\/image\/"}}]}},"_links":{"self":[{"href":"https:\/\/www.hotel-saint-malo-ibis-styles.com\/en\/wp-json\/wp\/v2\/pages\/180","targetHints":{"allow":["GET"]}}],"collection":[{"href":"https:\/\/www.hotel-saint-malo-ibis-styles.com\/en\/wp-json\/wp\/v2\/pages"}],"about":[{"href":"https:\/\/www.hotel-saint-malo-ibis-styles.com\/en\/wp-json\/wp\/v2\/types\/page"}],"author":[{"embeddable":true,"href":"https:\/\/www.hotel-saint-malo-ibis-styles.com\/en\/wp-json\/wp\/v2\/users\/1"}],"replies":[{"embeddable":true,"href":"https:\/\/www.hotel-saint-malo-ibis-styles.com\/en\/wp-json\/wp\/v2\/comments?post=180"}],"version-history":[{"count":9,"href":"https:\/\/www.hotel-saint-malo-ibis-styles.com\/en\/wp-json\/wp\/v2\/pages\/180\/revisions"}],"predecessor-version":[{"id":617,"href":"https:\/\/www.hotel-saint-malo-ibis-styles.com\/en\/wp-json\/wp\/v2\/pages\/180\/revisions\/617"}],"wp:featuredmedia":[{"embeddable":true,"href":"https:\/\/www.hotel-saint-malo-ibis-styles.com\/en\/wp-json\/wp\/v2\/media\/272"}],"wp:attachment":[{"href":"https:\/\/www.hotel-saint-malo-ibis-styles.com\/en\/wp-json\/wp\/v2\/media?parent=180"}],"curies":[{"name":"wp","href":"https:\/\/api.w.org\/{rel}","templated":true}]}}